{"id":14,"date":"2023-07-31T09:56:45","date_gmt":"2023-07-31T07:56:45","guid":{"rendered":"https:\/\/www.lazarus-union.international\/diabetes\/?page_id=14"},"modified":"2024-07-20T16:05:10","modified_gmt":"2024-07-20T14:05:10","slug":"risk-factors-for-type-2-diabetes","status":"publish","type":"page","link":"https:\/\/www.lazarus-union.international\/diabetes\/pt\/risk-factors-for-type-2-diabetes\/","title":{"rendered":"FATORES DE RISCO PARA DIABETES TIPO 2"},"content":{"rendered":"<div style=\"height:10px\" aria-hidden=\"true\" class=\"wp-block-spacer\"><\/div>\n\n\n\n<h4 class=\"wp-block-heading has-text-color\" style=\"color:#4f91cd\">Fatores imut\u00e1veis que influenciam o risco de diabetes tipo 2:<\/h4>\n\n\n<style>#sp-ea-16 .spcollapsing { height: 0; overflow: hidden; transition-property: height;transition-duration: 300ms;}#sp-ea-16.sp-easy-accordion>.sp-ea-single {margin-bottom: 10px; border: 1px solid #e2e2e2; }#sp-ea-16.sp-easy-accordion>.sp-ea-single>.ea-header a {color: #444;}#sp-ea-16.sp-easy-accordion>.sp-ea-single>.sp-collapse>.ea-body {background: #fff; color: #444;}#sp-ea-16.sp-easy-accordion>.sp-ea-single {background: #eee;}#sp-ea-16.sp-easy-accordion>.sp-ea-single>.ea-header a .ea-expand-icon { float: left; color: #444;font-size: 16px;}<\/style><div id=\"sp_easy_accordion-1690789973\"><div id=\"sp-ea-16\" class=\"sp-ea-one sp-easy-accordion\" data-ex-icon=\"minus\" data-col-icon=\"plus\"  data-ea-active=\"ea-click\"  data-ea-mode=\"vertical\" data-preloader=\"\" data-scroll-active-item=\"\" data-offset-to-scroll=\"0\"><div class=\"ea-card ea-expand sp-ea-single\"><h3 class=\"ea-header\"><a class=\"collapsed\" id=\"ea-header-160\" data-sptoggle=\"spcollapse\" data-sptarget=\"#collapse160\" aria-controls=\"collapse160\" href=\"javascript:void(0)\"  aria-expanded=\"true\" tabindex=\"0\"><i class=\"ea-expand-icon ea-icon-expand-minus\"><\/i> IDADE<\/a><\/h3><div class=\"sp-collapse spcollapse collapsed show\" id=\"collapse160\" data-parent=\"#sp-ea-16\" role=\"region\" aria-labelledby=\"ea-header-160\"><div class=\"ea-body\"><ul>\n<li>O risco de diabetes aumenta com a idade.<\/li>\n<li>O diabetes tipo 2 \u00e9 muito raro em pessoas com menos de 40 anos de idade.<\/li>\n<\/ul>\n<\/div><\/div><\/div><div class=\"ea-card  sp-ea-single\"><h3 class=\"ea-header\"><a class=\"collapsed\" id=\"ea-header-161\" data-sptoggle=\"spcollapse\" data-sptarget=\"#collapse161\" aria-controls=\"collapse161\" href=\"javascript:void(0)\"  aria-expanded=\"false\" tabindex=\"0\"><i class=\"ea-expand-icon ea-icon-expand-plus\"><\/i> UM DIST\u00daRBIO ANTERIOR DE A\u00c7\u00daCAR NO SANGUE<\/a><\/h3><div class=\"sp-collapse spcollapse\" id=\"collapse161\" data-parent=\"#sp-ea-16\" role=\"region\" aria-labelledby=\"ea-header-161\"><div class=\"ea-body\"><ul>\n<li>As pessoas que tiveram n\u00edveis elevados de a\u00e7\u00facar no sangue algumas vezes podem ter um risco maior de desenvolver diabetes tipo 2.<\/li>\n<li>Isso tamb\u00e9m se aplica a mulheres que tinham n\u00edveis elevados de glicose no sangue (<em>diabetes gestacional ou gestacional<\/em>) durante a gravidez.<\/li>\n<\/ul>\n<\/div><\/div><\/div><div class=\"ea-card  sp-ea-single\"><h3 class=\"ea-header\"><a class=\"collapsed\" id=\"ea-header-162\" data-sptoggle=\"spcollapse\" data-sptarget=\"#collapse162\" aria-controls=\"collapse162\" href=\"javascript:void(0)\"  aria-expanded=\"false\" tabindex=\"0\"><i class=\"ea-expand-icon ea-icon-expand-plus\"><\/i> TAMANHO DO CORPO<\/a><\/h3><div class=\"sp-collapse spcollapse\" id=\"collapse162\" data-parent=\"#sp-ea-16\" role=\"region\" aria-labelledby=\"ea-header-162\"><div class=\"ea-body\"><ul>\n<li>O tamanho do corpo afeta o risco de diabetes porque tamb\u00e9m desempenha um papel na distribui\u00e7\u00e3o de gordura ao redor do abd\u00f4men.<\/li>\n<\/ul>\n<\/div><\/div><\/div><div class=\"ea-card  sp-ea-single\"><h3 class=\"ea-header\"><a class=\"collapsed\" id=\"ea-header-163\" data-sptoggle=\"spcollapse\" data-sptarget=\"#collapse163\" aria-controls=\"collapse163\" href=\"javascript:void(0)\"  aria-expanded=\"false\" tabindex=\"0\"><i class=\"ea-expand-icon ea-icon-expand-plus\"><\/i> DIABETES NA FAM\u00cdLIA<\/a><\/h3><div class=\"sp-collapse spcollapse\" id=\"collapse163\" data-parent=\"#sp-ea-16\" role=\"region\" aria-labelledby=\"ea-header-163\"><div class=\"ea-body\"><ul>\n<li>O risco \u00e9 maior se os parentes biol\u00f3gicos tiverem ou tiverem tido diabetes tipo 2. Esse risco aumentado provavelmente se baseia em uma intera\u00e7\u00e3o de fatores gen\u00e9ticos e de estilo de vida familiar.<\/li>\n<\/ul>\n<\/div><\/div><\/div><\/div><\/div>\n\n\n\n<div style=\"height:10px\" aria-hidden=\"true\" class=\"wp-block-spacer\"><\/div>\n\n\n\n<h4 class=\"wp-block-heading has-text-color\" style=\"color:#4f91cd\">Fatores modific\u00e1veis que influenciam o risco de diabetes tipo 2:<\/h4>\n\n\n<style>#sp-ea-20 .spcollapsing { height: 0; overflow: hidden; transition-property: height;transition-duration: 300ms;}#sp-ea-20.sp-easy-accordion>.sp-ea-single {margin-bottom: 10px; border: 1px solid #e2e2e2; }#sp-ea-20.sp-easy-accordion>.sp-ea-single>.ea-header a {color: #444;}#sp-ea-20.sp-easy-accordion>.sp-ea-single>.sp-collapse>.ea-body {background: #fff; color: #444;}#sp-ea-20.sp-easy-accordion>.sp-ea-single {background: #eee;}#sp-ea-20.sp-easy-accordion>.sp-ea-single>.ea-header a .ea-expand-icon { float: left; color: #444;font-size: 16px;}<\/style><div id=\"sp_easy_accordion-1690790367\"><div id=\"sp-ea-20\" class=\"sp-ea-one sp-easy-accordion\" data-ex-icon=\"minus\" data-col-icon=\"plus\"  data-ea-active=\"ea-click\"  data-ea-mode=\"vertical\" data-preloader=\"\" data-scroll-active-item=\"\" data-offset-to-scroll=\"0\"><div class=\"ea-card  sp-ea-single\"><h3 class=\"ea-header\"><a class=\"collapsed\" id=\"ea-header-200\" data-sptoggle=\"spcollapse\" data-sptarget=\"#collapse200\" aria-controls=\"collapse200\" href=\"javascript:void(0)\"  aria-expanded=\"false\" tabindex=\"0\"><i class=\"ea-expand-icon ea-icon-expand-plus\"><\/i>  ATIVIDADE F\u00cdSICA<\/a><\/h3><div class=\"sp-collapse spcollapse spcollapse\" id=\"collapse200\" data-parent=\"#sp-ea-20\" role=\"region\" aria-labelledby=\"ea-header-200\"><div class=\"ea-body\"><ul>\n<li>A atividade f\u00edsica ajuda a manter o peso corporal e, ao mesmo tempo, melhora a a\u00e7\u00e3o da insulina. Isso ajuda a regular os n\u00edveis de glicose no sangue. Al\u00e9m dos exerc\u00edcios, outras atividades, como ciclismo, jardinagem ou caminhada, tamb\u00e9m contribuem para reduzir o risco de diabetes tipo 2.<\/li>\n<\/ul>\n<\/div><\/div><\/div><div class=\"ea-card  sp-ea-single\"><h3 class=\"ea-header\"><a class=\"collapsed\" id=\"ea-header-201\" data-sptoggle=\"spcollapse\" data-sptarget=\"#collapse201\" aria-controls=\"collapse201\" href=\"javascript:void(0)\"  aria-expanded=\"false\" tabindex=\"0\"><i class=\"ea-expand-icon ea-icon-expand-plus\"><\/i> EXCESSO DE PESO (circunfer\u00eancia da cintura)<\/a><\/h3><div class=\"sp-collapse spcollapse spcollapse\" id=\"collapse201\" data-parent=\"#sp-ea-20\" role=\"region\" aria-labelledby=\"ea-header-201\"><div class=\"ea-body\"><ul>\n<li>Se voc\u00ea tiver muita gordura armazenada no abd\u00f4men (cintura), o risco de desenvolver diabetes tipo 2 aumenta. Estudos demonstraram que a perda de peso pode reduzir significativamente o risco de desenvolver diabetes tipo 2.<\/li>\n<\/ul>\n<\/div><\/div><\/div><div class=\"ea-card  sp-ea-single\"><h3 class=\"ea-header\"><a class=\"collapsed\" id=\"ea-header-202\" data-sptoggle=\"spcollapse\" data-sptarget=\"#collapse202\" aria-controls=\"collapse202\" href=\"javascript:void(0)\"  aria-expanded=\"false\" tabindex=\"0\"><i class=\"ea-expand-icon ea-icon-expand-plus\"><\/i> P\u00c3O INTEGRAL<\/a><\/h3><div class=\"sp-collapse spcollapse spcollapse\" id=\"collapse202\" data-parent=\"#sp-ea-20\" role=\"region\" aria-labelledby=\"ea-header-202\"><div class=\"ea-body\"><ul>\n<li>Muitos estudos sugerem que o consumo de p\u00e3o integral e de produtos integrais reduz o risco de diabetes tipo 2.<\/li>\n<\/ul>\n<\/div><\/div><\/div><div class=\"ea-card  sp-ea-single\"><h3 class=\"ea-header\"><a class=\"collapsed\" id=\"ea-header-203\" data-sptoggle=\"spcollapse\" data-sptarget=\"#collapse203\" aria-controls=\"collapse203\" href=\"javascript:void(0)\"  aria-expanded=\"false\" tabindex=\"0\"><i class=\"ea-expand-icon ea-icon-expand-plus\"><\/i> CARNE<\/a><\/h3><div class=\"sp-collapse spcollapse spcollapse\" id=\"collapse203\" data-parent=\"#sp-ea-20\" role=\"region\" aria-labelledby=\"ea-header-203\"><div class=\"ea-body\"><ul>\n<li>O consumo de carne bovina, su\u00edna, de vitela ou de cordeiro aumenta o risco de desenvolver diabetes tipo 2. Quanto mais carne voc\u00ea consumir, maior ser\u00e1 o risco.<\/li>\n<\/ul>\n<\/div><\/div><\/div><div class=\"ea-card  sp-ea-single\"><h3 class=\"ea-header\"><a class=\"collapsed\" id=\"ea-header-204\" data-sptoggle=\"spcollapse\" data-sptarget=\"#collapse204\" aria-controls=\"collapse204\" href=\"javascript:void(0)\"  aria-expanded=\"false\" tabindex=\"0\"><i class=\"ea-expand-icon ea-icon-expand-plus\"><\/i> CAF\u00c9<\/a><\/h3><div class=\"sp-collapse spcollapse spcollapse\" id=\"collapse204\" data-parent=\"#sp-ea-20\" role=\"region\" aria-labelledby=\"ea-header-204\"><div class=\"ea-body\"><ul>\n<li>Estudos mostram uma liga\u00e7\u00e3o entre o consumo de caf\u00e9 e um menor risco de diabetes tipo 2.<\/li>\n<\/ul>\n<\/div><\/div><\/div><div class=\"ea-card  sp-ea-single\"><h3 class=\"ea-header\"><a class=\"collapsed\" id=\"ea-header-205\" data-sptoggle=\"spcollapse\" data-sptarget=\"#collapse205\" aria-controls=\"collapse205\" href=\"javascript:void(0)\"  aria-expanded=\"false\" tabindex=\"0\"><i class=\"ea-expand-icon ea-icon-expand-plus\"><\/i> \u00c1LCOOL<\/a><\/h3><div class=\"sp-collapse spcollapse spcollapse\" id=\"collapse205\" data-parent=\"#sp-ea-20\" role=\"region\" aria-labelledby=\"ea-header-205\"><div class=\"ea-body\"><p>O consumo moderado de \u00e1lcool est\u00e1 associado a um risco menor de diabetes tipo 2. O aumento do consumo de \u00e1lcool, por outro lado, aumenta o risco de diabetes tipo 2. O consumo de \u00e1lcool pode levar \u00e0 depend\u00eancia, danos ao f\u00edgado ou c\u00e2ncer<\/p>\n<\/div><\/div><\/div><div class=\"ea-card  sp-ea-single\"><h3 class=\"ea-header\"><a class=\"collapsed\" id=\"ea-header-206\" data-sptoggle=\"spcollapse\" data-sptarget=\"#collapse206\" aria-controls=\"collapse206\" href=\"javascript:void(0)\"  aria-expanded=\"false\" tabindex=\"0\"><i class=\"ea-expand-icon ea-icon-expand-plus\"><\/i> FUMO<\/a><\/h3><div class=\"sp-collapse spcollapse spcollapse\" id=\"collapse206\" data-parent=\"#sp-ea-20\" role=\"region\" aria-labelledby=\"ea-header-206\"><div class=\"ea-body\"><ul>\n<li>O tabagismo intenso est\u00e1 associado a um risco maior de diabetes tipo 2. O tabagismo tamb\u00e9m pode levar ao c\u00e2ncer e a doen\u00e7as cardiovasculares. Portanto, \u00e9 aconselh\u00e1vel parar de fumar.<\/li>\n<\/ul>\n<\/div><\/div><\/div><\/div><\/div>","protected":false},"excerpt":{"rendered":"<p>Fatores imut\u00e1veis que influenciam o risco de diabetes tipo 2: Fatores modific\u00e1veis que influenciam o risco de diabetes tipo 2:<\/p>","protected":false},"author":2,"featured_media":147,"parent":0,"menu_order":0,"comment_status":"closed","ping_status":"closed","template":"","meta":{"footnotes":""},"class_list":["post-14","page","type-page","status-publish","has-post-thumbnail","hentry"],"_links":{"self":[{"href":"https:\/\/www.lazarus-union.international\/diabetes\/pt\/wp-json\/wp\/v2\/pages\/14","targetHints":{"allow":["GET"]}}],"collection":[{"href":"https:\/\/www.lazarus-union.international\/diabetes\/pt\/wp-json\/wp\/v2\/pages"}],"about":[{"href":"https:\/\/www.lazarus-union.international\/diabetes\/pt\/wp-json\/wp\/v2\/types\/page"}],"author":[{"embeddable":true,"href":"https:\/\/www.lazarus-union.international\/diabetes\/pt\/wp-json\/wp\/v2\/users\/2"}],"replies":[{"embeddable":true,"href":"https:\/\/www.lazarus-union.international\/diabetes\/pt\/wp-json\/wp\/v2\/comments?post=14"}],"version-history":[{"count":6,"href":"https:\/\/www.lazarus-union.international\/diabetes\/pt\/wp-json\/wp\/v2\/pages\/14\/revisions"}],"predecessor-version":[{"id":152,"href":"https:\/\/www.lazarus-union.international\/diabetes\/pt\/wp-json\/wp\/v2\/pages\/14\/revisions\/152"}],"wp:featuredmedia":[{"embeddable":true,"href":"https:\/\/www.lazarus-union.international\/diabetes\/pt\/wp-json\/wp\/v2\/media\/147"}],"wp:attachment":[{"href":"https:\/\/www.lazarus-union.international\/diabetes\/pt\/wp-json\/wp\/v2\/media?parent=14"}],"curies":[{"name":"wp","href":"https:\/\/api.w.org\/{rel}","templated":true}]}}